{"id":363,"date":"2022-12-02T10:41:20","date_gmt":"2022-12-02T09:41:20","guid":{"rendered":"https:\/\/www.sdem-elec.com\/?page_id=363"},"modified":"2022-12-02T10:41:21","modified_gmt":"2022-12-02T09:41:21","slug":"mentions-legales","status":"publish","type":"page","link":"https:\/\/www.sdem-elec.com\/index.php\/mentions-legales\/","title":{"rendered":"Mentions l\u00e9gales"},"content":{"rendered":"\n<p><strong><em>En vigueur au 02\/12\/2022<\/em><\/strong><\/p>\n\n\n\n<p><br>Conform\u00e9ment aux dispositions des Articles 6-III et 19 de la Loi n\u00b02004-575 du 21 juin 2004 pour la Confiance dans l\u2019\u00e9conomie num\u00e9rique, dite L.C.E.N., il est port\u00e9 \u00e0 la connaissance des utilisateurs et visiteurs, ci-apr\u00e8s l&rsquo; \u00ab\u00a0Utilisateur\u00a0\u00bb, du site www.sdem-elec.com , ci-apr\u00e8s le \u00ab\u00a0Site\u00a0\u00bb, les pr\u00e9sentes mentions l\u00e9gales.<\/p>\n\n\n\n<p><br>La connexion et la navigation sur le Site par l\u2019Utilisateur implique acceptation int\u00e9grale et sans r\u00e9serve<br>des pr\u00e9sentes mentions l\u00e9gales. Ces derni\u00e8res sont accessibles sur le Site \u00e0 la rubrique \u00ab Mentions l\u00e9gales \u00bb.<\/p>\n\n\n\n<p><br><em>ARTICLE 1 &#8211; L&rsquo;EDITEUR<\/em><\/p>\n\n\n\n<p>L&rsquo;\u00e9dition du Site est assur\u00e9e par SDEM SARL unipersonnelle au capital de 5000 euros, immatricul\u00e9e au Registre du Commerce et des Soci\u00e9t\u00e9s de TOURS sous le num\u00e9ro 910164730 dont le si\u00e8ge social est situ\u00e9 au 2 RUE DE LA GRANGE DES DIMES 37380 REUGNY, Num\u00e9ro de t\u00e9l\u00e9phone 0625794795, Adresse e-mail : contact@sdem-elec.com. N\u00b0 de TVA intracommunautaire : FR74910164730 Le Directeur de la publication est Ludovic ROULET ci-apr\u00e8s l'\u00a0\u00bbEditeur\u00a0\u00bb.<br><\/p>\n\n\n\n<p><em>ARTICLE 2 &#8211; L&rsquo;HEBERGEUR<\/em><\/p>\n\n\n\n<p>L&rsquo;h\u00e9bergeur du Site est la soci\u00e9t\u00e9 OVH, dont le si\u00e8ge social est situ\u00e9 au Roubaix<\/p>\n\n\n\n<p><em>ARTICLE 3 &#8211; ACCES AU SITE<\/em><\/p>\n\n\n\n<p>Le Site est accessible en tout endroit, 7j\/7, 24h\/24 sauf cas de force majeure, interruption programm\u00e9e ou non et pouvant d\u00e9coulant d\u2019une n\u00e9cessit\u00e9 de maintenance. En cas de modification, interruption ou suspension du Site, l&rsquo;Editeur ne saurait \u00eatre tenu responsable.<\/p>\n\n\n\n<p>ARTICLE 4 &#8211; COLLECTE DES DONNEES<br>Le site est exempt\u00e9 de d\u00e9claration \u00e0 la Commission Nationale Informatique et Libert\u00e9s (CNIL) dans la<br>mesure o\u00f9 il ne collecte aucune donn\u00e9e concernant les utilisateurs.<\/p>\n","protected":false},"excerpt":{"rendered":"<p>En vigueur au 02\/12\/2022 Conform\u00e9ment aux dispositions des Articles 6-III et 19 de la Loi n\u00b02004-575 du 21 juin 2004 pour la Confiance dans l\u2019\u00e9conomie num\u00e9rique, dite L.C.E.N., il est port\u00e9 \u00e0 la connaissance des utilisateurs et visiteurs, ci-apr\u00e8s l&rsquo; \u00ab\u00a0Utilisateur\u00a0\u00bb, du site www.sdem-elec.com , ci-apr\u00e8s le \u00ab\u00a0Site\u00a0\u00bb, les pr\u00e9sentes mentions l\u00e9gales. La connexion et [&hellip;]<\/p>\n","protected":false},"author":3,"featured_media":0,"parent":0,"menu_order":0,"comment_status":"closed","ping_status":"closed","template":"","meta":{"_et_pb_use_builder":"off","_et_pb_old_content":"","_et_gb_content_width":"","footnotes":""},"yoast_head":"<!-- This site is optimized with the Yoast SEO plugin v21.8 - https:\/\/yoast.com\/wordpress\/plugins\/seo\/ -->\n<title>Mentions l\u00e9gales - SDEM<\/title>\n<meta name=\"robots\" content=\"index, follow, max-snippet:-1, max-image-preview:large, max-video-preview:-1\" \/>\n<link rel=\"canonical\" href=\"https:\/\/www.sdem-elec.com\/index.php\/mentions-legales\/\" \/>\n<meta property=\"og:locale\" content=\"fr_FR\" \/>\n<meta property=\"og:type\" content=\"article\" \/>\n<meta property=\"og:title\" content=\"Mentions l\u00e9gales - SDEM\" \/>\n<meta property=\"og:description\" content=\"En vigueur au 02\/12\/2022 Conform\u00e9ment aux dispositions des Articles 6-III et 19 de la Loi n\u00b02004-575 du 21 juin 2004 pour la Confiance dans l\u2019\u00e9conomie num\u00e9rique, dite L.C.E.N., il est port\u00e9 \u00e0 la connaissance des utilisateurs et visiteurs, ci-apr\u00e8s l&rsquo; \u00ab\u00a0Utilisateur\u00a0\u00bb, du site www.sdem-elec.com , ci-apr\u00e8s le \u00ab\u00a0Site\u00a0\u00bb, les pr\u00e9sentes mentions l\u00e9gales. La connexion et [&hellip;]\" \/>\n<meta property=\"og:url\" content=\"https:\/\/www.sdem-elec.com\/index.php\/mentions-legales\/\" \/>\n<meta property=\"og:site_name\" content=\"SDEM\" \/>\n<meta property=\"article:modified_time\" content=\"2022-12-02T09:41:21+00:00\" \/>\n<meta name=\"twitter:card\" content=\"summary_large_image\" \/>\n<meta name=\"twitter:label1\" content=\"Dur\u00e9e de lecture estim\u00e9e\" \/>\n\t<meta name=\"twitter:data1\" content=\"2 minutes\" \/>\n<script type=\"application\/ld+json\" class=\"yoast-schema-graph\">{\"@context\":\"https:\/\/schema.org\",\"@graph\":[{\"@type\":\"WebPage\",\"@id\":\"https:\/\/www.sdem-elec.com\/index.php\/mentions-legales\/\",\"url\":\"https:\/\/www.sdem-elec.com\/index.php\/mentions-legales\/\",\"name\":\"Mentions l\u00e9gales - SDEM\",\"isPartOf\":{\"@id\":\"https:\/\/www.sdem-elec.com\/#website\"},\"datePublished\":\"2022-12-02T09:41:20+00:00\",\"dateModified\":\"2022-12-02T09:41:21+00:00\",\"breadcrumb\":{\"@id\":\"https:\/\/www.sdem-elec.com\/index.php\/mentions-legales\/#breadcrumb\"},\"inLanguage\":\"fr-FR\",\"potentialAction\":[{\"@type\":\"ReadAction\",\"target\":[\"https:\/\/www.sdem-elec.com\/index.php\/mentions-legales\/\"]}]},{\"@type\":\"BreadcrumbList\",\"@id\":\"https:\/\/www.sdem-elec.com\/index.php\/mentions-legales\/#breadcrumb\",\"itemListElement\":[{\"@type\":\"ListItem\",\"position\":1,\"name\":\"Accueil\",\"item\":\"https:\/\/www.sdem-elec.com\/\"},{\"@type\":\"ListItem\",\"position\":2,\"name\":\"Mentions l\u00e9gales\"}]},{\"@type\":\"WebSite\",\"@id\":\"https:\/\/www.sdem-elec.com\/#website\",\"url\":\"https:\/\/www.sdem-elec.com\/\",\"name\":\"SDEM\",\"description\":\"Votre \u00e9lectricien \u00e0 Tours et en Indre-et-Loire\",\"potentialAction\":[{\"@type\":\"SearchAction\",\"target\":{\"@type\":\"EntryPoint\",\"urlTemplate\":\"https:\/\/www.sdem-elec.com\/?s={search_term_string}\"},\"query-input\":\"required name=search_term_string\"}],\"inLanguage\":\"fr-FR\"}]}<\/script>\n<!-- \/ Yoast SEO plugin. -->","yoast_head_json":{"title":"Mentions l\u00e9gales - SDEM","robots":{"index":"index","follow":"follow","max-snippet":"max-snippet:-1","max-image-preview":"max-image-preview:large","max-video-preview":"max-video-preview:-1"},"canonical":"https:\/\/www.sdem-elec.com\/index.php\/mentions-legales\/","og_locale":"fr_FR","og_type":"article","og_title":"Mentions l\u00e9gales - SDEM","og_description":"En vigueur au 02\/12\/2022 Conform\u00e9ment aux dispositions des Articles 6-III et 19 de la Loi n\u00b02004-575 du 21 juin 2004 pour la Confiance dans l\u2019\u00e9conomie num\u00e9rique, dite L.C.E.N., il est port\u00e9 \u00e0 la connaissance des utilisateurs et visiteurs, ci-apr\u00e8s l&rsquo; \u00ab\u00a0Utilisateur\u00a0\u00bb, du site www.sdem-elec.com , ci-apr\u00e8s le \u00ab\u00a0Site\u00a0\u00bb, les pr\u00e9sentes mentions l\u00e9gales. La connexion et [&hellip;]","og_url":"https:\/\/www.sdem-elec.com\/index.php\/mentions-legales\/","og_site_name":"SDEM","article_modified_time":"2022-12-02T09:41:21+00:00","twitter_card":"summary_large_image","twitter_misc":{"Dur\u00e9e de lecture estim\u00e9e":"2 minutes"},"schema":{"@context":"https:\/\/schema.org","@graph":[{"@type":"WebPage","@id":"https:\/\/www.sdem-elec.com\/index.php\/mentions-legales\/","url":"https:\/\/www.sdem-elec.com\/index.php\/mentions-legales\/","name":"Mentions l\u00e9gales - SDEM","isPartOf":{"@id":"https:\/\/www.sdem-elec.com\/#website"},"datePublished":"2022-12-02T09:41:20+00:00","dateModified":"2022-12-02T09:41:21+00:00","breadcrumb":{"@id":"https:\/\/www.sdem-elec.com\/index.php\/mentions-legales\/#breadcrumb"},"inLanguage":"fr-FR","potentialAction":[{"@type":"ReadAction","target":["https:\/\/www.sdem-elec.com\/index.php\/mentions-legales\/"]}]},{"@type":"BreadcrumbList","@id":"https:\/\/www.sdem-elec.com\/index.php\/mentions-legales\/#breadcrumb","itemListElement":[{"@type":"ListItem","position":1,"name":"Accueil","item":"https:\/\/www.sdem-elec.com\/"},{"@type":"ListItem","position":2,"name":"Mentions l\u00e9gales"}]},{"@type":"WebSite","@id":"https:\/\/www.sdem-elec.com\/#website","url":"https:\/\/www.sdem-elec.com\/","name":"SDEM","description":"Votre \u00e9lectricien \u00e0 Tours et en Indre-et-Loire","potentialAction":[{"@type":"SearchAction","target":{"@type":"EntryPoint","urlTemplate":"https:\/\/www.sdem-elec.com\/?s={search_term_string}"},"query-input":"required name=search_term_string"}],"inLanguage":"fr-FR"}]}},"_links":{"self":[{"href":"https:\/\/www.sdem-elec.com\/index.php\/wp-json\/wp\/v2\/pages\/363"}],"collection":[{"href":"https:\/\/www.sdem-elec.com\/index.php\/wp-json\/wp\/v2\/pages"}],"about":[{"href":"https:\/\/www.sdem-elec.com\/index.php\/wp-json\/wp\/v2\/types\/page"}],"author":[{"embeddable":true,"href":"https:\/\/www.sdem-elec.com\/index.php\/wp-json\/wp\/v2\/users\/3"}],"replies":[{"embeddable":true,"href":"https:\/\/www.sdem-elec.com\/index.php\/wp-json\/wp\/v2\/comments?post=363"}],"version-history":[{"count":1,"href":"https:\/\/www.sdem-elec.com\/index.php\/wp-json\/wp\/v2\/pages\/363\/revisions"}],"predecessor-version":[{"id":364,"href":"https:\/\/www.sdem-elec.com\/index.php\/wp-json\/wp\/v2\/pages\/363\/revisions\/364"}],"wp:attachment":[{"href":"https:\/\/www.sdem-elec.com\/index.php\/wp-json\/wp\/v2\/media?parent=363"}],"curies":[{"name":"wp","href":"https:\/\/api.w.org\/{rel}","templated":true}]}}